{"id":15495,"date":"2020-12-28T22:26:07","date_gmt":"2020-12-29T03:26:07","guid":{"rendered":"https:\/\/quirutoa.com\/tours-en-ecuador\/tour-mitad-del-mundo\/"},"modified":"2026-02-20T11:30:48","modified_gmt":"2026-02-20T16:30:48","slug":"tour-mitad-del-mundo","status":"publish","type":"page","link":"https:\/\/quirutoa.com\/es\/tours-en-ecuador\/tour-mitad-del-mundo\/","title":{"rendered":"Tour Mitad del Mundo"},"content":{"rendered":"\t\t<div data-elementor-type=\"wp-post\" data-elementor-id=\"15495\" class=\"elementor elementor-15495 elementor-7650\" data-elementor-post-type=\"page\">\n\t\t\t\t\t\t<section class=\"elementor-section elementor-top-section elementor-element elementor-element-60bfe42 elementor-section-full_width elementor-section-height-default elementor-section-height-default\" data-id=\"60bfe42\" data-element_type=\"section\" data-e-type=\"section\">\n\t\t\t\t\t\t<div class=\"elementor-container elementor-column-gap-default\">\n\t\t\t\t\t<div class=\"elementor-column elementor-col-100 elementor-top-column elementor-element elementor-element-613cbf3\" data-id=\"613cbf3\" data-element_type=\"column\" data-e-type=\"column\">\n\t\t\t<div class=\"elementor-widget-wrap elementor-element-populated\">\n\t\t\t\t\t\t<div class=\"elementor-element elementor-element-9fc177c elementor-widget elementor-widget-heading\" data-id=\"9fc177c\" data-element_type=\"widget\" data-e-type=\"widget\" data-widget_type=\"heading.default\">\n\t\t\t\t<div class=\"elementor-widget-container\">\n\t\t\t\t\t<h1 class=\"elementor-heading-title elementor-size-default\">Tour privado a la Mitad del Mundo: La experiencia ecuatorial<\/h1>\t\t\t\t<\/div>\n\t\t\t\t<\/div>\n\t\t\t\t<div class=\"elementor-element elementor-element-267e43c elementor-widget elementor-widget-text-editor\" data-id=\"267e43c\" data-element_type=\"widget\" data-e-type=\"widget\" data-widget_type=\"text-editor.default\">\n\t\t\t\t<div class=\"elementor-widget-container\">\n\t\t\t\t\t\t\t\t\t<p><span style=\"font-weight: 400;\">La Ciudad Mitad del Mundo es un monumento conmemorativo de la mitad del mundo, donde se asienta el ecuador y divide el mundo en dos hemisferios. Se encuentra a 26 km al norte de la ciudad de Quito y las coordenadas de este lugar son 0\u00b00\u20190\u2019\u2019 (aunque no exactamente). <\/span><\/p><p><span style=\"font-weight: 400;\"> <\/span><span style=\"font-weight: 400;\">En este tour, tambi\u00e9n puede visitar el <\/span><b>Museo Etnogr\u00e1fico de la Ciudad Mitad del Mundo<\/b><span style=\"font-weight: 400;\">, un lugar con muchas actividades para realizar y cosas que aprender sobre los pueblos ind\u00edgenas de Ecuador.<\/span><\/p>\t\t\t\t\t\t\t\t<\/div>\n\t\t\t\t<\/div>\n\t\t\t\t<div class=\"elementor-element elementor-element-41147e8 elementor-widget elementor-widget-image\" data-id=\"41147e8\" data-element_type=\"widget\" data-e-type=\"widget\" data-widget_type=\"image.default\">\n\t\t\t\t<div class=\"elementor-widget-container\">\n\t\t\t\t\t\t\t\t\t\t\t\t\t\t\t<img fetchpriority=\"high\" decoding=\"async\" width=\"800\" height=\"419\" src=\"https:\/\/quirutoa.com\/wp-content\/uploads\/2021\/01\/Middle-5.jpg\" class=\"attachment-large size-large wp-image-15496\" alt=\"Mitad del Mundo | Mitad del mundo | Viajar a Ecuador | Quirutoa\" srcset=\"https:\/\/quirutoa.com\/wp-content\/uploads\/2021\/01\/Middle-5.jpg.webp 1024w, https:\/\/quirutoa.com\/wp-content\/uploads\/2021\/01\/Middle-5-300x157.jpg.webp 300w, https:\/\/quirutoa.com\/wp-content\/uploads\/2021\/01\/Middle-5-768x402.jpg.webp 768w\" sizes=\"(max-width: 800px) 100vw, 800px\" \/>\t\t\t\t\t\t\t\t\t\t\t\t\t\t\t<\/div>\n\t\t\t\t<\/div>\n\t\t\t\t\t<\/div>\n\t\t<\/div>\n\t\t\t\t\t<\/div>\n\t\t<\/section>\n\t\t\t\t<section class=\"elementor-section elementor-top-section elementor-element elementor-element-0fa56cc elementor-section-full_width elementor-section-height-default elementor-section-height-default\" data-id=\"0fa56cc\" data-element_type=\"section\" data-e-type=\"section\">\n\t\t\t\t\t\t<div class=\"elementor-container elementor-column-gap-default\">\n\t\t\t\t\t<div class=\"elementor-column elementor-col-100 elementor-top-column elementor-element elementor-element-cae3dd9\" data-id=\"cae3dd9\" data-element_type=\"column\" data-e-type=\"column\">\n\t\t\t<div class=\"elementor-widget-wrap elementor-element-populated\">\n\t\t\t\t\t\t<div class=\"elementor-element elementor-element-f0dc5de elementor-widget elementor-widget-heading\" data-id=\"f0dc5de\" data-element_type=\"widget\" data-e-type=\"widget\" data-widget_type=\"heading.default\">\n\t\t\t\t<div class=\"elementor-widget-container\">\n\t\t\t\t\t<h2 class=\"elementor-heading-title elementor-size-default\">\u00a1Uno de los lugares m\u00e1s populares para visitar en Ecuador!<\/h2>\t\t\t\t<\/div>\n\t\t\t\t<\/div>\n\t\t\t\t<div class=\"elementor-element elementor-element-dae8ae4 elementor-widget elementor-widget-text-editor\" data-id=\"dae8ae4\" data-element_type=\"widget\" data-e-type=\"widget\" data-widget_type=\"text-editor.default\">\n\t\t\t\t<div class=\"elementor-widget-container\">\n\t\t\t\t\t\t\t\t\t<p><span style=\"font-weight: 400;\">El primer monumento \u2014o m\u00e1s bien las ruinas\u2014 fue construido por una antigua cultura ind\u00edgena llamada Quitu-Cara y, de hecho, est\u00e1 situado en la latitud 0 (0\u00b00\u20320\u2033N 78\u00b025\u203243\u2033W). Fue descubierto en 1736 como resultado de una expedici\u00f3n llamada la Misi\u00f3n Geod\u00e9sica Francesa. En los a\u00f1os siguientes, los exploradores de esta gran misi\u00f3n definieron la l\u00ednea ecuatorial tras profundos estudios y mediciones. El Gobierno ecuatoriano construy\u00f3 un monumento de 10 metros de altura en honor al estudio y al arduo trabajo de los exploradores franceses, que m\u00e1s tarde ser\u00eda reemplazado por un monumento de 30 metros de altura.   <\/span><\/p><p><span style=\"font-weight: 400;\">Sin embargo, la ubicaci\u00f3n de este monumento es incorrecta. M\u00e1s adelante se descubri\u00f3 que la l\u00ednea trazada por la expedici\u00f3n francesa se desv\u00eda 240 metros al sur del ecuador real. No obstante, el monumento ya estaba construido, as\u00ed que es en este lugar donde se conmemora la mitad del mundo.  <\/span><\/p>\t\t\t\t\t\t\t\t<\/div>\n\t\t\t\t<\/div>\n\t\t\t\t\t<\/div>\n\t\t<\/div>\n\t\t\t\t\t<\/div>\n\t\t<\/section>\n\t\t\t\t<section class=\"elementor-section elementor-top-section elementor-element elementor-element-d9a5f12 elementor-section-full_width elementor-section-height-default elementor-section-height-default\" data-id=\"d9a5f12\" data-element_type=\"section\" data-e-type=\"section\" data-settings=\"{&quot;shape_divider_bottom&quot;:&quot;opacity-tilt&quot;}\">\n\t\t\t\t\t<div class=\"elementor-shape elementor-shape-bottom\" aria-hidden=\"true\" data-negative=\"false\">\n\t\t\t<svg xmlns=\"http:\/\/www.w3.org\/2000\/svg\" viewBox=\"0 0 2600 131.1\" preserveAspectRatio=\"none\">\n\t<path class=\"elementor-shape-fill\" d=\"M0 0L2600 0 2600 69.1 0 0z\"\/>\n\t<path class=\"elementor-shape-fill\" style=\"opacity:0.5\" d=\"M0 0L2600 0 2600 69.1 0 69.1z\"\/>\n\t<path class=\"elementor-shape-fill\" style=\"opacity:0.25\" d=\"M2600 0L0 0 0 130.1 2600 69.1z\"\/>\n<\/svg>\t\t<\/div>\n\t\t\t\t\t<div class=\"elementor-container elementor-column-gap-default\">\n\t\t\t\t\t<div class=\"elementor-column elementor-col-50 elementor-top-column elementor-element elementor-element-de3a986\" data-id=\"de3a986\" data-element_type=\"column\" data-e-type=\"column\" data-settings=\"{&quot;background_background&quot;:&quot;gradient&quot;}\">\n\t\t\t<div class=\"elementor-widget-wrap elementor-element-populated\">\n\t\t\t\t\t\t<div class=\"elementor-element elementor-element-c0a67ed elementor-widget elementor-widget-image\" data-id=\"c0a67ed\" data-element_type=\"widget\" data-e-type=\"widget\" data-widget_type=\"image.default\">\n\t\t\t\t<div class=\"elementor-widget-container\">\n\t\t\t\t\t\t\t\t\t\t\t\t<figure class=\"wp-caption\">\n\t\t\t\t\t\t\t\t\t\t<img decoding=\"async\" width=\"800\" height=\"605\" src=\"https:\/\/quirutoa.com\/wp-content\/uploads\/2021\/01\/Middle.jpg\" class=\"attachment-large size-large wp-image-15425\" alt=\"Mitad del Mundo en Ecuador | Quirutoa\" srcset=\"https:\/\/quirutoa.com\/wp-content\/uploads\/2021\/01\/Middle.jpg.webp 886w, https:\/\/quirutoa.com\/wp-content\/uploads\/2021\/01\/Middle-300x227.jpg.webp 300w, https:\/\/quirutoa.com\/wp-content\/uploads\/2021\/01\/Middle-768x581.jpg.webp 768w\" sizes=\"(max-width: 800px) 100vw, 800px\" \/>\t\t\t\t\t\t\t\t\t\t\t<figcaption class=\"widget-image-caption wp-caption-text\">00\u00b000'00<\/figcaption>\n\t\t\t\t\t\t\t\t\t\t<\/figure>\n\t\t\t\t\t\t\t\t\t<\/div>\n\t\t\t\t<\/div>\n\t\t\t\t<div class=\"elementor-element elementor-element-6e40cee elementor-hidden-desktop elementor-widget-divider--view-line elementor-widget elementor-widget-divider\" data-id=\"6e40cee\" data-element_type=\"widget\" data-e-type=\"widget\" data-widget_type=\"divider.default\">\n\t\t\t\t<div class=\"elementor-widget-container\">\n\t\t\t\t\t\t\t<div class=\"elementor-divider\">\n\t\t\t<span class=\"elementor-divider-separator\">\n\t\t\t\t\t\t<\/span>\n\t\t<\/div>\n\t\t\t\t\t\t<\/div>\n\t\t\t\t<\/div>\n\t\t\t\t\t<\/div>\n\t\t<\/div>\n\t\t\t\t<div class=\"elementor-column elementor-col-50 elementor-top-column elementor-element elementor-element-fe707aa\" data-id=\"fe707aa\" data-element_type=\"column\" data-e-type=\"column\" data-settings=\"{&quot;background_background&quot;:&quot;gradient&quot;}\">\n\t\t\t<div class=\"elementor-widget-wrap elementor-element-populated\">\n\t\t\t\t\t\t<div class=\"elementor-element elementor-element-8c02503 elementor-widget elementor-widget-image\" data-id=\"8c02503\" data-element_type=\"widget\" data-e-type=\"widget\" data-widget_type=\"image.default\">\n\t\t\t\t<div class=\"elementor-widget-container\">\n\t\t\t\t\t\t\t\t\t\t\t\t<figure class=\"wp-caption\">\n\t\t\t\t\t\t\t\t\t\t<img decoding=\"async\" width=\"768\" height=\"960\" src=\"https:\/\/quirutoa.com\/wp-content\/uploads\/2020\/12\/Middle-2.jpg\" class=\"attachment-large size-large wp-image-15432\" alt=\"Mitad del Mundo - Explore Ecuador | Quirutoa\" srcset=\"https:\/\/quirutoa.com\/wp-content\/uploads\/2020\/12\/Middle-2.jpg.webp 768w, https:\/\/quirutoa.com\/wp-content\/uploads\/2020\/12\/Middle-2-240x300.jpg.webp 240w\" sizes=\"(max-width: 768px) 100vw, 768px\" \/>\t\t\t\t\t\t\t\t\t\t\t<figcaption class=\"widget-image-caption wp-caption-text\">Mitad del mundo<\/figcaption>\n\t\t\t\t\t\t\t\t\t\t<\/figure>\n\t\t\t\t\t\t\t\t\t<\/div>\n\t\t\t\t<\/div>\n\t\t\t\t\t<\/div>\n\t\t<\/div>\n\t\t\t\t\t<\/div>\n\t\t<\/section>\n\t\t\t\t<section class=\"elementor-section elementor-top-section elementor-element elementor-element-21f38cb elementor-section-full_width elementor-section-height-default elementor-section-height-default\" data-id=\"21f38cb\" data-element_type=\"section\" data-e-type=\"section\" data-settings=\"{&quot;background_background&quot;:&quot;classic&quot;}\">\n\t\t\t\t\t\t<div class=\"elementor-container elementor-column-gap-default\">\n\t\t\t\t\t<div class=\"elementor-column elementor-col-100 elementor-top-column elementor-element elementor-element-09ac960\" data-id=\"09ac960\" data-element_type=\"column\" data-e-type=\"column\">\n\t\t\t<div class=\"elementor-widget-wrap elementor-element-populated\">\n\t\t\t\t\t\t<div class=\"elementor-element elementor-element-69313c8 elementor-widget elementor-widget-text-editor\" data-id=\"69313c8\" data-element_type=\"widget\" data-e-type=\"widget\" data-widget_type=\"text-editor.default\">\n\t\t\t\t<div class=\"elementor-widget-container\">\n\t\t\t\t\t\t\t\t\t<p>Servicio de alta calidad garantizado.<\/p><p>WhatsApp | Correo electr\u00f3nico | Llamada telef\u00f3nica<\/p><p>\u00a1P\u00f3ngase en contacto con nosotros y le responderemos en breve!<\/p>\t\t\t\t\t\t\t\t<\/div>\n\t\t\t\t<\/div>\n\t\t\t\t\t<\/div>\n\t\t<\/div>\n\t\t\t\t\t<\/div>\n\t\t<\/section>\n\t\t\t\t<\/div>\n\t\t","protected":false},"excerpt":{"rendered":"<p>Tour privado a la Mitad del Mundo: La experiencia ecuatorial La Ciudad Mitad del Mundo es un monumento conmemorativo de la mitad del mundo, donde se asienta el ecuador y divide el mundo en dos hemisferios. Se encuentra a 26 km al norte de la ciudad de Quito y las coordenadas de este lugar son [&hellip;]<\/p>\n","protected":false},"author":3,"featured_media":15571,"parent":15422,"menu_order":0,"comment_status":"open","ping_status":"open","template":"elementor_header_footer","meta":{"_joinchat":[],"footnotes":""},"class_list":["post-15495","page","type-page","status-publish","has-post-thumbnail","hentry"],"yoast_head":"<!-- This site is optimized with the Yoast SEO plugin v27.4 - https:\/\/yoast.com\/product\/yoast-seo-wordpress\/ -->\n<title>Tour Mitad del Mundo | Viaje privado al Ecuador | Quirutoa<\/title>\n<meta name=\"description\" content=\"\u00a1Situate en la l\u00ednea del Ecuador! Disfruta de un tour privado al Monumento a la Mitad del Mundo y al Museo Inti\u00f1an. Aprende sobre historia y f\u00edsica con nuestros gu\u00edas.\" \/>\n<meta name=\"robots\" content=\"index, follow, max-snippet:-1, max-image-preview:large, max-video-preview:-1\" \/>\n<link rel=\"canonical\" href=\"https:\/\/quirutoa.com\/es\/tours-en-ecuador\/tour-mitad-del-mundo\/\" \/>\n<meta property=\"og:locale\" content=\"es_ES\" \/>\n<meta property=\"og:type\" content=\"article\" \/>\n<meta property=\"og:title\" content=\"Tour Mitad del Mundo | Viaje privado al Ecuador | Quirutoa\" \/>\n<meta property=\"og:description\" content=\"\u00a1Situate en la l\u00ednea del Ecuador! Disfruta de un tour privado al Monumento a la Mitad del Mundo y al Museo Inti\u00f1an. Aprende sobre historia y f\u00edsica con nuestros gu\u00edas.\" \/>\n<meta property=\"og:url\" content=\"https:\/\/quirutoa.com\/es\/tours-en-ecuador\/tour-mitad-del-mundo\/\" \/>\n<meta property=\"og:site_name\" content=\"TOURISM TRANSPORTATION IN QUITO\" \/>\n<meta property=\"article:modified_time\" content=\"2026-02-20T16:30:48+00:00\" \/>\n<meta property=\"og:image\" content=\"https:\/\/quirutoa.com\/wp-content\/uploads\/2022\/05\/Monumento-a-la-Mitad-del-Mundo.jpeg\" \/>\n\t<meta property=\"og:image:width\" content=\"1000\" \/>\n\t<meta property=\"og:image:height\" content=\"400\" \/>\n\t<meta property=\"og:image:type\" content=\"image\/jpeg\" \/>\n<meta name=\"twitter:card\" content=\"summary_large_image\" \/>\n<meta name=\"twitter:label1\" content=\"Tiempo de lectura\" \/>\n\t<meta name=\"twitter:data1\" content=\"1 minuto\" \/>\n<script type=\"application\/ld+json\" class=\"yoast-schema-graph\">{\"@context\":\"https:\\\/\\\/schema.org\",\"@graph\":[{\"@type\":\"WebPage\",\"@id\":\"https:\\\/\\\/quirutoa.com\\\/es\\\/tours-en-ecuador\\\/tour-mitad-del-mundo\\\/\",\"url\":\"https:\\\/\\\/quirutoa.com\\\/es\\\/tours-en-ecuador\\\/tour-mitad-del-mundo\\\/\",\"name\":\"Tour Mitad del Mundo | Viaje privado al Ecuador | Quirutoa\",\"isPartOf\":{\"@id\":\"https:\\\/\\\/quirutoa.com\\\/es\\\/#website\"},\"primaryImageOfPage\":{\"@id\":\"https:\\\/\\\/quirutoa.com\\\/es\\\/tours-en-ecuador\\\/tour-mitad-del-mundo\\\/#primaryimage\"},\"image\":{\"@id\":\"https:\\\/\\\/quirutoa.com\\\/es\\\/tours-en-ecuador\\\/tour-mitad-del-mundo\\\/#primaryimage\"},\"thumbnailUrl\":\"https:\\\/\\\/quirutoa.com\\\/wp-content\\\/uploads\\\/2022\\\/05\\\/Monumento-a-la-Mitad-del-Mundo.jpeg\",\"datePublished\":\"2020-12-29T03:26:07+00:00\",\"dateModified\":\"2026-02-20T16:30:48+00:00\",\"description\":\"\u00a1Situate en la l\u00ednea del Ecuador! Disfruta de un tour privado al Monumento a la Mitad del Mundo y al Museo Inti\u00f1an. Aprende sobre historia y f\u00edsica con nuestros gu\u00edas.\",\"breadcrumb\":{\"@id\":\"https:\\\/\\\/quirutoa.com\\\/es\\\/tours-en-ecuador\\\/tour-mitad-del-mundo\\\/#breadcrumb\"},\"inLanguage\":\"es\",\"potentialAction\":[{\"@type\":\"ReadAction\",\"target\":[\"https:\\\/\\\/quirutoa.com\\\/es\\\/tours-en-ecuador\\\/tour-mitad-del-mundo\\\/\"]}]},{\"@type\":\"ImageObject\",\"inLanguage\":\"es\",\"@id\":\"https:\\\/\\\/quirutoa.com\\\/es\\\/tours-en-ecuador\\\/tour-mitad-del-mundo\\\/#primaryimage\",\"url\":\"https:\\\/\\\/quirutoa.com\\\/wp-content\\\/uploads\\\/2022\\\/05\\\/Monumento-a-la-Mitad-del-Mundo.jpeg\",\"contentUrl\":\"https:\\\/\\\/quirutoa.com\\\/wp-content\\\/uploads\\\/2022\\\/05\\\/Monumento-a-la-Mitad-del-Mundo.jpeg\",\"width\":1000,\"height\":400},{\"@type\":\"BreadcrumbList\",\"@id\":\"https:\\\/\\\/quirutoa.com\\\/es\\\/tours-en-ecuador\\\/tour-mitad-del-mundo\\\/#breadcrumb\",\"itemListElement\":[{\"@type\":\"ListItem\",\"position\":1,\"name\":\"Portada\",\"item\":\"https:\\\/\\\/quirutoa.com\\\/es\\\/inicio\\\/\"},{\"@type\":\"ListItem\",\"position\":2,\"name\":\"TOURS EN ECUADOR\",\"item\":\"https:\\\/\\\/quirutoa.com\\\/es\\\/tours-en-ecuador\\\/\"},{\"@type\":\"ListItem\",\"position\":3,\"name\":\"Tour Mitad del Mundo\"}]},{\"@type\":\"WebSite\",\"@id\":\"https:\\\/\\\/quirutoa.com\\\/es\\\/#website\",\"url\":\"https:\\\/\\\/quirutoa.com\\\/es\\\/\",\"name\":\"TOURISM TRANSPORTATION IN QUITO\",\"description\":\"Lugares turisticos de Ecuador\",\"publisher\":{\"@id\":\"https:\\\/\\\/quirutoa.com\\\/es\\\/#organization\"},\"potentialAction\":[{\"@type\":\"SearchAction\",\"target\":{\"@type\":\"EntryPoint\",\"urlTemplate\":\"https:\\\/\\\/quirutoa.com\\\/es\\\/?s={search_term_string}\"},\"query-input\":{\"@type\":\"PropertyValueSpecification\",\"valueRequired\":true,\"valueName\":\"search_term_string\"}}],\"inLanguage\":\"es\"},{\"@type\":\"Organization\",\"@id\":\"https:\\\/\\\/quirutoa.com\\\/es\\\/#organization\",\"name\":\"TOURISM TRANSPORTATION IN QUITO\",\"url\":\"https:\\\/\\\/quirutoa.com\\\/es\\\/\",\"logo\":{\"@type\":\"ImageObject\",\"inLanguage\":\"es\",\"@id\":\"https:\\\/\\\/quirutoa.com\\\/es\\\/#\\\/schema\\\/logo\\\/image\\\/\",\"url\":\"https:\\\/\\\/quirutoa.com\\\/wp-content\\\/uploads\\\/2021\\\/01\\\/cropped-Logo-1.png\",\"contentUrl\":\"https:\\\/\\\/quirutoa.com\\\/wp-content\\\/uploads\\\/2021\\\/01\\\/cropped-Logo-1.png\",\"width\":217,\"height\":68,\"caption\":\"TOURISM TRANSPORTATION IN QUITO\"},\"image\":{\"@id\":\"https:\\\/\\\/quirutoa.com\\\/es\\\/#\\\/schema\\\/logo\\\/image\\\/\"}}]}<\/script>\n<!-- \/ Yoast SEO plugin. -->","yoast_head_json":{"title":"Tour Mitad del Mundo | Viaje privado al Ecuador | Quirutoa","description":"\u00a1Situate en la l\u00ednea del Ecuador! Disfruta de un tour privado al Monumento a la Mitad del Mundo y al Museo Inti\u00f1an. Aprende sobre historia y f\u00edsica con nuestros gu\u00edas.","robots":{"index":"index","follow":"follow","max-snippet":"max-snippet:-1","max-image-preview":"max-image-preview:large","max-video-preview":"max-video-preview:-1"},"canonical":"https:\/\/quirutoa.com\/es\/tours-en-ecuador\/tour-mitad-del-mundo\/","og_locale":"es_ES","og_type":"article","og_title":"Tour Mitad del Mundo | Viaje privado al Ecuador | Quirutoa","og_description":"\u00a1Situate en la l\u00ednea del Ecuador! Disfruta de un tour privado al Monumento a la Mitad del Mundo y al Museo Inti\u00f1an. Aprende sobre historia y f\u00edsica con nuestros gu\u00edas.","og_url":"https:\/\/quirutoa.com\/es\/tours-en-ecuador\/tour-mitad-del-mundo\/","og_site_name":"TOURISM TRANSPORTATION IN QUITO","article_modified_time":"2026-02-20T16:30:48+00:00","og_image":[{"width":1000,"height":400,"url":"https:\/\/quirutoa.com\/wp-content\/uploads\/2022\/05\/Monumento-a-la-Mitad-del-Mundo.jpeg","type":"image\/jpeg"}],"twitter_card":"summary_large_image","twitter_misc":{"Tiempo de lectura":"1 minuto"},"schema":{"@context":"https:\/\/schema.org","@graph":[{"@type":"WebPage","@id":"https:\/\/quirutoa.com\/es\/tours-en-ecuador\/tour-mitad-del-mundo\/","url":"https:\/\/quirutoa.com\/es\/tours-en-ecuador\/tour-mitad-del-mundo\/","name":"Tour Mitad del Mundo | Viaje privado al Ecuador | Quirutoa","isPartOf":{"@id":"https:\/\/quirutoa.com\/es\/#website"},"primaryImageOfPage":{"@id":"https:\/\/quirutoa.com\/es\/tours-en-ecuador\/tour-mitad-del-mundo\/#primaryimage"},"image":{"@id":"https:\/\/quirutoa.com\/es\/tours-en-ecuador\/tour-mitad-del-mundo\/#primaryimage"},"thumbnailUrl":"https:\/\/quirutoa.com\/wp-content\/uploads\/2022\/05\/Monumento-a-la-Mitad-del-Mundo.jpeg","datePublished":"2020-12-29T03:26:07+00:00","dateModified":"2026-02-20T16:30:48+00:00","description":"\u00a1Situate en la l\u00ednea del Ecuador! Disfruta de un tour privado al Monumento a la Mitad del Mundo y al Museo Inti\u00f1an. Aprende sobre historia y f\u00edsica con nuestros gu\u00edas.","breadcrumb":{"@id":"https:\/\/quirutoa.com\/es\/tours-en-ecuador\/tour-mitad-del-mundo\/#breadcrumb"},"inLanguage":"es","potentialAction":[{"@type":"ReadAction","target":["https:\/\/quirutoa.com\/es\/tours-en-ecuador\/tour-mitad-del-mundo\/"]}]},{"@type":"ImageObject","inLanguage":"es","@id":"https:\/\/quirutoa.com\/es\/tours-en-ecuador\/tour-mitad-del-mundo\/#primaryimage","url":"https:\/\/quirutoa.com\/wp-content\/uploads\/2022\/05\/Monumento-a-la-Mitad-del-Mundo.jpeg","contentUrl":"https:\/\/quirutoa.com\/wp-content\/uploads\/2022\/05\/Monumento-a-la-Mitad-del-Mundo.jpeg","width":1000,"height":400},{"@type":"BreadcrumbList","@id":"https:\/\/quirutoa.com\/es\/tours-en-ecuador\/tour-mitad-del-mundo\/#breadcrumb","itemListElement":[{"@type":"ListItem","position":1,"name":"Portada","item":"https:\/\/quirutoa.com\/es\/inicio\/"},{"@type":"ListItem","position":2,"name":"TOURS EN ECUADOR","item":"https:\/\/quirutoa.com\/es\/tours-en-ecuador\/"},{"@type":"ListItem","position":3,"name":"Tour Mitad del Mundo"}]},{"@type":"WebSite","@id":"https:\/\/quirutoa.com\/es\/#website","url":"https:\/\/quirutoa.com\/es\/","name":"TOURISM TRANSPORTATION IN QUITO","description":"Lugares turisticos de Ecuador","publisher":{"@id":"https:\/\/quirutoa.com\/es\/#organization"},"potentialAction":[{"@type":"SearchAction","target":{"@type":"EntryPoint","urlTemplate":"https:\/\/quirutoa.com\/es\/?s={search_term_string}"},"query-input":{"@type":"PropertyValueSpecification","valueRequired":true,"valueName":"search_term_string"}}],"inLanguage":"es"},{"@type":"Organization","@id":"https:\/\/quirutoa.com\/es\/#organization","name":"TOURISM TRANSPORTATION IN QUITO","url":"https:\/\/quirutoa.com\/es\/","logo":{"@type":"ImageObject","inLanguage":"es","@id":"https:\/\/quirutoa.com\/es\/#\/schema\/logo\/image\/","url":"https:\/\/quirutoa.com\/wp-content\/uploads\/2021\/01\/cropped-Logo-1.png","contentUrl":"https:\/\/quirutoa.com\/wp-content\/uploads\/2021\/01\/cropped-Logo-1.png","width":217,"height":68,"caption":"TOURISM TRANSPORTATION IN QUITO"},"image":{"@id":"https:\/\/quirutoa.com\/es\/#\/schema\/logo\/image\/"}}]}},"_links":{"self":[{"href":"https:\/\/quirutoa.com\/es\/wp-json\/wp\/v2\/pages\/15495","targetHints":{"allow":["GET"]}}],"collection":[{"href":"https:\/\/quirutoa.com\/es\/wp-json\/wp\/v2\/pages"}],"about":[{"href":"https:\/\/quirutoa.com\/es\/wp-json\/wp\/v2\/types\/page"}],"author":[{"embeddable":true,"href":"https:\/\/quirutoa.com\/es\/wp-json\/wp\/v2\/users\/3"}],"replies":[{"embeddable":true,"href":"https:\/\/quirutoa.com\/es\/wp-json\/wp\/v2\/comments?post=15495"}],"version-history":[{"count":0,"href":"https:\/\/quirutoa.com\/es\/wp-json\/wp\/v2\/pages\/15495\/revisions"}],"up":[{"embeddable":true,"href":"https:\/\/quirutoa.com\/es\/wp-json\/wp\/v2\/pages\/15422"}],"wp:featuredmedia":[{"embeddable":true,"href":"https:\/\/quirutoa.com\/es\/wp-json\/wp\/v2\/media\/15571"}],"wp:attachment":[{"href":"https:\/\/quirutoa.com\/es\/wp-json\/wp\/v2\/media?parent=15495"}],"curies":[{"name":"wp","href":"https:\/\/api.w.org\/{rel}","templated":true}]}}